{"id":82,"date":"2013-03-25T17:20:25","date_gmt":"2013-03-25T16:20:25","guid":{"rendered":"http:\/\/calmens.com\/?page_id=82"},"modified":"2017-03-06T22:04:08","modified_gmt":"2017-03-06T20:04:08","slug":"sarcina","status":"publish","type":"page","link":"https:\/\/calmens.com\/calendar-menstrual\/sarcina\/","title":{"rendered":"Sarcin\u0103"},"content":{"rendered":"<p>Prin tot ceea ce facem, credem \u00een contestarea st\u0103rii de fapt a lucrurilor. Credem \u00een a g\u00e2ndi diferit. Contest\u0103m starea de fapt a lucrurilor cre\u00e2nd programe cu un design superb, u\u0219or de folosit \u0219i prietenos pentru utilizator. Se \u00eent\u00e2mpl\u0103 s\u0103 facem aplica\u021bii software excep\u021bionale. \u00ce\u021bi oferim de aceast\u0103 dat\u0103 Calmens.<\/p>\n<p>Credem \u00een dreptul fiec\u0103rui cuplu de a planifica momentul c\u00e2nd s\u0103 aduc\u0103 pe lume un copil. Credem \u00een dreptul de a alege sexul copilului f\u0103r\u0103 a apela la interven\u021bii chirurgicale \u0219i la fertilizarea in vitro. Credem c\u0103 avem libertatea de a face dragoste f\u0103r\u0103 grija unei sarcini. Credem c\u0103 merit\u0103m s\u0103 ne bucur\u0103m de partenerul de via\u021b\u0103 \u00eentr-o rela\u021bie intim\u0103 f\u0103r\u0103 bariere fizice (prezervative, dispozitive intrauterine, inele intravaginale etc.) sau psihologice (cum ar fi frustr\u0103rile provocate de coitus interruptus). Credem \u00een dreptul femeii la s\u0103n\u0103tate, prin a folosi ceea ce natura ne ofer\u0103 \u0219i evit\u00e2nd substan\u021bele chimice \u0219i hormonii artificiali care provoac\u0103 deregl\u0103ri hormonale \u0219i cresc riscul \u00eemboln\u0103virilor \u00een r\u00e2ndul femeilor. Credem c\u0103, folosind &#8220;ceasul nostru biologic&#8221;, putem planifica evenimentele importante din via\u021ba noastr\u0103 (ie\u0219iri romantice, nun\u021bi sau luni de miere).<\/p>\n<p>Am creat un program ingenios pentru calculator, u\u0219or de folosit, \u00een limba rom\u00e2n\u0103, care te ajut\u0103 s\u0103 calculezi zilele \u00een care po\u021bi r\u0103m\u00e2ne \u00eens\u0103rcinat\u0103 \u0219i s\u0103 planifici perioada \u00een care s\u0103 se nasc\u0103 copilul. \u00cen situa\u021biile \u00een care \u00eentr-o familie exist\u0103 deja unul sau mai mul\u021bi copii, credem c\u0103 p\u0103rin\u021bii \u00ee\u0219i mai doresc fie o feti\u021b\u0103, fie un b\u0103ie\u021bel, \u00een func\u021bie de ceea ce lipse\u0219te din familia respectiv\u0103. Cre\u00e2nd acest excep\u021bional program numit Calmens, \u00ee\u021bi oferim posibilitatea s\u0103 alegi sexul viitorului t\u0103u copil.<\/p>\n<p>Dac\u0103 e\u0219ti deja \u00eens\u0103rcinat\u0103 \u0219i arzi de ner\u0103bdare s\u0103 afli sexul copilului t\u0103u, \u00ee\u021bi punem la dispozi\u021bie o op\u021biune care te ajut\u0103 s\u0103 afli, cu mult \u00eenainte ca o ecografie s\u0103 o poat\u0103 face, dac\u0103 vei fii m\u0103mic\u0103 de feti\u021b\u0103 sau m\u0103mic\u0103 de b\u0103ie\u021bel, permi\u021b\u00e2ndu-\u021bi astfel s\u0103 te preg\u0103te\u0219ti din timp cu alegerea numelui, a preg\u0103tirii h\u0103inu\u021belor sau a camerei bebelu\u0219ului t\u0103u.<\/p>\n<p>Calmens este un program care se bazeaz\u0103 pe o metod\u0103 medical\u0103 \u0219tiin\u021bific\u0103 \u0219i 100% natural\u0103, ce \u00ee\u021bi permite s\u0103 planifici via\u021ba sexual\u0103 calcul\u00e2nd cu usurin\u021b\u0103 zilele fertile \u0219i zilele nefertile dintr-un ciclu menstrual.<\/p>\n<p>Calmens efectueaza calcule complexe pentru a afisa perioadele fertile si nefertile.<\/p>\n<p>Cunoscand zilele fertile si nefertile dintr-un ciclu menstrual, Calmens te ajuta s\u0103 ram\u00e2i \u00eens\u0103rcinat\u0103 \u0219i chiar s\u0103 planifici sexul copilului.<\/p>\n<h2>Cum r\u0103m\u00e2i \u00eens\u0103rcinat\u0103?<\/h2>\n<p>De-a lungul fiecarui ciclu menstrual exista doar cateva zile in care po\u021bi r\u0103m\u00e2ne \u00eens\u0103rcinat\u0103. Cu Calmens po\u021bi calcula cu usurinta aceste zile si po\u021bi planifica sarcina cand dore\u0219ti.<\/p>\n<p>Calmens te ajut\u0103 sa planifici si sa controlezi conceptia copilului t\u0103u. Folose\u0219te Calmens dac\u0103 intentionezi s\u0103 r\u0103m\u00e2i \u00eens\u0103rcinat\u0103.<br \/>\nAcest lucru este valabil daca aveti contact sexual in zile fertile mentionate si nu folositi prezervative, contraceptive artificiale, chimice sau hormonale.<\/p>\n<p>Nota: Este recomandat sa incetezi administrarea contraceptivelor chimice sau hormonale cu 3-6 luni inainte de perioada aleasa pentru a ramane insarcinata.<\/p>\n<p>Va doriti o fetita sau preferati un baietel? Calmens va ajuta sa alegeti sexul copilului dvs. Ai ramas deja insarcinata si dore\u0219ti sa afli sexul viitorului copil?<br \/>\nProgramul Calmens va ofera posibilitatea sa calculati zilele fertile, putand sa planificati sarcina si sexul copilului.<\/p>\n<p>Comandati chiar acum programul Calmens daca doriti sa planificati sarcina si sexul copilului pe cale naturala, folosind o metoda 100% naturala si 100% sigura pentru sanatatea dvs.<\/p>\n<h2>Ce este sarcina?<\/h2>\n<p>In ovarele fetelor se gasesc o multime de ovule. Cand ating varsta pubertatii, in fiecare luna ovarele elimina cate un ovul. Ovulul se deplaseaza din trompa uterina in uter. Uterul este locul unde va creste fatul, daca ovulul a fost fertilizat de sperma unui barbat.<\/p>\n<p>Uterul este pregatit in fiecare luna pentru o posibila sarcina, iar invelisul sau membranos devine gros si moale. Cand organismul realizeaza ca in uter nu creste nici un fat, aceasta membrana si ovulul sunt expulzate din corp prin vagin.<\/p>\n<p>Sarcina este intalnirea dintre spermatozoid si ovul urmata de modificari ale invelisului uterului care permit fixarea si dezvoltarea embrionului.<br \/>\nSarcina apare daca, in urma unui contact sexual, un spermatozoid eliberat prin ejaculare fecundeaza un ovul.<\/p>\n<h2>Ce spun clientii despre Calmens?<\/h2>\n<blockquote><p>Programul l-am cumparat prin iulie 2005. Cel mai mult m-a interesat optiunea &#8220;Sarcina&#8221;. Am aflat de acest program prin intermediul Internetului. Eu cel putin sunt ffffff multumita, am reusit sa imi indeplinesc visul: sa am din nou un copil. Nu am intampinat dificultati, este fff usor de utilizat, chiar si de instalat. Pretul, ce sa zic, este nemaipomenit. La inceput am crezut din suflet ca este teapa. \ud83d\ude42 Programul l-am recomandat la mai multe prietene. Va multumesc. O zi buna. &#8211; <i><b>Mihaela Cirjan<\/b><\/i><\/p><\/blockquote>\n<blockquote><p>Am cumparat programul Calmens in urma cu 2 saptamani, interesandu-ma in mod special despre cum pot sa raman insarcinata si sa concep un baietel. Pretul mi se pare modic, atata vreme cat acest program iti calculeaza foarte multe chestii legate despre perioada fertila si altele.<br \/>\nAm gasit site-ul pe internet si l-as recomanda tuturor prietenelor mele. Programul este extrem de simplu de utilizat si speeeeeeeeer sa-mi poate noroc. Dupa calculele mele, ar trebui sa concep baietelul pe data de 9 iulie a.c. si se va naste la anul pe 5 aprilie, in zodia berbec, la fel ca si tatal lui. Sper sa-mi purtati noroc! Va multumesc! &#8211; <i><b>Claudia Serafimciuc<\/b><\/i><\/p><\/blockquote>\n<p>Cite\u0219te mai multe impresii ale utilizatorilor programului Calmens \u00een pagina <strong>Impresii<\/strong>.<\/p>\n<p>Comand\u0103 chiar acum programul Calmens dac\u0103 dore\u0219ti sa planifici sarcina \u0219i sexul copilului pe cale natural\u0103 folosind o metod\u0103 100% natural\u0103 \u0219i 100% sigur\u0103 pentru sanatatea ta.<\/p>\n","protected":false},"excerpt":{"rendered":"<p>Prin tot ceea ce facem, credem \u00een contestarea st\u0103rii de fapt a lucrurilor. Credem \u00een a g\u00e2ndi diferit. Contest\u0103m starea de fapt a lucrurilor cre\u00e2nd programe cu un design superb, u\u0219or de folosit \u0219i prietenos pentru utilizator. Se \u00eent\u00e2mpl\u0103 s\u0103 facem aplica\u021bii software excep\u021bionale. \u00ce\u021bi oferim de aceast\u0103 dat\u0103 Calmens. Credem \u00een dreptul fiec\u0103rui cuplu [&#8230;]\n","protected":false},"author":1,"featured_media":0,"parent":0,"menu_order":0,"comment_status":"open","ping_status":"open","template":"page-right-sidebar.php","meta":{"_monsterinsights_skip_tracking":false,"_monsterinsights_sitenote_active":false,"_monsterinsights_sitenote_note":"","_monsterinsights_sitenote_category":0,"jetpack_post_was_ever_published":false,"footnotes":""},"yoast_head":"<!-- This site is optimized with the Yoast SEO plugin v24.5 - https:\/\/yoast.com\/wordpress\/plugins\/seo\/ -->\n<title>Sarcin\u0103 - Planific\u0103 sarcina cu Calmens<\/title>\n<meta name=\"description\" content=\"Calmens te ajut\u0103 s\u0103 calculezi zilele \u00een care po\u021bi r\u0103m\u00e2ne \u00eens\u0103rcinat\u0103 \u0219i s\u0103 planifici perioada \u00een care s\u0103 se nasc\u0103 copilul. Planific\u0103 sarcina cu Calmens.\" \/>\n<meta name=\"robots\" content=\"index, follow, max-snippet:-1, max-image-preview:large, max-video-preview:-1\" \/>\n<link rel=\"canonical\" href=\"https:\/\/calmens.com\/calendar-menstrual\/sarcina\/\" \/>\n<meta property=\"og:locale\" content=\"en_GB\" \/>\n<meta property=\"og:type\" content=\"article\" \/>\n<meta property=\"og:title\" content=\"Sarcin\u0103 - Planific\u0103 sarcina cu Calmens\" \/>\n<meta property=\"og:description\" content=\"Calmens te ajut\u0103 s\u0103 calculezi zilele \u00een care po\u021bi r\u0103m\u00e2ne \u00eens\u0103rcinat\u0103 \u0219i s\u0103 planifici perioada \u00een care s\u0103 se nasc\u0103 copilul. Planific\u0103 sarcina cu Calmens.\" \/>\n<meta property=\"og:url\" content=\"https:\/\/calmens.com\/calendar-menstrual\/sarcina\/\" \/>\n<meta property=\"og:site_name\" content=\"CALMENS\" \/>\n<meta property=\"article:modified_time\" content=\"2017-03-06T20:04:08+00:00\" \/>\n<meta name=\"twitter:label1\" content=\"Estimated reading time\" \/>\n\t<meta name=\"twitter:data1\" content=\"5 minutes\" \/>\n<script type=\"application\/ld+json\" class=\"yoast-schema-graph\">{\"@context\":\"https:\/\/schema.org\",\"@graph\":[{\"@type\":\"WebPage\",\"@id\":\"https:\/\/calmens.com\/calendar-menstrual\/sarcina\/\",\"url\":\"https:\/\/calmens.com\/calendar-menstrual\/sarcina\/\",\"name\":\"Sarcin\u0103 - Planific\u0103 sarcina cu Calmens\",\"isPartOf\":{\"@id\":\"https:\/\/calmens.com\/calendar-menstrual\/#website\"},\"datePublished\":\"2013-03-25T16:20:25+00:00\",\"dateModified\":\"2017-03-06T20:04:08+00:00\",\"description\":\"Calmens te ajut\u0103 s\u0103 calculezi zilele \u00een care po\u021bi r\u0103m\u00e2ne \u00eens\u0103rcinat\u0103 \u0219i s\u0103 planifici perioada \u00een care s\u0103 se nasc\u0103 copilul. Planific\u0103 sarcina cu Calmens.\",\"breadcrumb\":{\"@id\":\"https:\/\/calmens.com\/calendar-menstrual\/sarcina\/#breadcrumb\"},\"inLanguage\":\"en-GB\",\"potentialAction\":[{\"@type\":\"ReadAction\",\"target\":[\"https:\/\/calmens.com\/calendar-menstrual\/sarcina\/\"]}]},{\"@type\":\"BreadcrumbList\",\"@id\":\"https:\/\/calmens.com\/calendar-menstrual\/sarcina\/#breadcrumb\",\"itemListElement\":[{\"@type\":\"ListItem\",\"position\":1,\"name\":\"Prima pagin\u0103\",\"item\":\"https:\/\/calmens.com\/calendar-menstrual\/\"},{\"@type\":\"ListItem\",\"position\":2,\"name\":\"Sarcin\u0103\"}]},{\"@type\":\"WebSite\",\"@id\":\"https:\/\/calmens.com\/calendar-menstrual\/#website\",\"url\":\"https:\/\/calmens.com\/calendar-menstrual\/\",\"name\":\"CALMENS\",\"description\":\"Sexul copilului, Sarcin\u0103, Contracep\u021bie, Calendar menstrual\",\"potentialAction\":[{\"@type\":\"SearchAction\",\"target\":{\"@type\":\"EntryPoint\",\"urlTemplate\":\"https:\/\/calmens.com\/calendar-menstrual\/?s={search_term_string}\"},\"query-input\":{\"@type\":\"PropertyValueSpecification\",\"valueRequired\":true,\"valueName\":\"search_term_string\"}}],\"inLanguage\":\"en-GB\"}]}<\/script>\n<!-- \/ Yoast SEO plugin. -->","yoast_head_json":{"title":"Sarcin\u0103 - Planific\u0103 sarcina cu Calmens","description":"Calmens te ajut\u0103 s\u0103 calculezi zilele \u00een care po\u021bi r\u0103m\u00e2ne \u00eens\u0103rcinat\u0103 \u0219i s\u0103 planifici perioada \u00een care s\u0103 se nasc\u0103 copilul. Planific\u0103 sarcina cu Calmens.","robots":{"index":"index","follow":"follow","max-snippet":"max-snippet:-1","max-image-preview":"max-image-preview:large","max-video-preview":"max-video-preview:-1"},"canonical":"https:\/\/calmens.com\/calendar-menstrual\/sarcina\/","og_locale":"en_GB","og_type":"article","og_title":"Sarcin\u0103 - Planific\u0103 sarcina cu Calmens","og_description":"Calmens te ajut\u0103 s\u0103 calculezi zilele \u00een care po\u021bi r\u0103m\u00e2ne \u00eens\u0103rcinat\u0103 \u0219i s\u0103 planifici perioada \u00een care s\u0103 se nasc\u0103 copilul. Planific\u0103 sarcina cu Calmens.","og_url":"https:\/\/calmens.com\/calendar-menstrual\/sarcina\/","og_site_name":"CALMENS","article_modified_time":"2017-03-06T20:04:08+00:00","twitter_misc":{"Estimated reading time":"5 minutes"},"schema":{"@context":"https:\/\/schema.org","@graph":[{"@type":"WebPage","@id":"https:\/\/calmens.com\/calendar-menstrual\/sarcina\/","url":"https:\/\/calmens.com\/calendar-menstrual\/sarcina\/","name":"Sarcin\u0103 - Planific\u0103 sarcina cu Calmens","isPartOf":{"@id":"https:\/\/calmens.com\/calendar-menstrual\/#website"},"datePublished":"2013-03-25T16:20:25+00:00","dateModified":"2017-03-06T20:04:08+00:00","description":"Calmens te ajut\u0103 s\u0103 calculezi zilele \u00een care po\u021bi r\u0103m\u00e2ne \u00eens\u0103rcinat\u0103 \u0219i s\u0103 planifici perioada \u00een care s\u0103 se nasc\u0103 copilul. Planific\u0103 sarcina cu Calmens.","breadcrumb":{"@id":"https:\/\/calmens.com\/calendar-menstrual\/sarcina\/#breadcrumb"},"inLanguage":"en-GB","potentialAction":[{"@type":"ReadAction","target":["https:\/\/calmens.com\/calendar-menstrual\/sarcina\/"]}]},{"@type":"BreadcrumbList","@id":"https:\/\/calmens.com\/calendar-menstrual\/sarcina\/#breadcrumb","itemListElement":[{"@type":"ListItem","position":1,"name":"Prima pagin\u0103","item":"https:\/\/calmens.com\/calendar-menstrual\/"},{"@type":"ListItem","position":2,"name":"Sarcin\u0103"}]},{"@type":"WebSite","@id":"https:\/\/calmens.com\/calendar-menstrual\/#website","url":"https:\/\/calmens.com\/calendar-menstrual\/","name":"CALMENS","description":"Sexul copilului, Sarcin\u0103, Contracep\u021bie, Calendar menstrual","potentialAction":[{"@type":"SearchAction","target":{"@type":"EntryPoint","urlTemplate":"https:\/\/calmens.com\/calendar-menstrual\/?s={search_term_string}"},"query-input":{"@type":"PropertyValueSpecification","valueRequired":true,"valueName":"search_term_string"}}],"inLanguage":"en-GB"}]}},"jetpack_shortlink":"https:\/\/wp.me\/P2SPoA-1k","jetpack_sharing_enabled":true,"jetpack_likes_enabled":true,"jetpack-related-posts":[],"_links":{"self":[{"href":"https:\/\/calmens.com\/calendar-menstrual\/wp-json\/wp\/v2\/pages\/82"}],"collection":[{"href":"https:\/\/calmens.com\/calendar-menstrual\/wp-json\/wp\/v2\/pages"}],"about":[{"href":"https:\/\/calmens.com\/calendar-menstrual\/wp-json\/wp\/v2\/types\/page"}],"author":[{"embeddable":true,"href":"https:\/\/calmens.com\/calendar-menstrual\/wp-json\/wp\/v2\/users\/1"}],"replies":[{"embeddable":true,"href":"https:\/\/calmens.com\/calendar-menstrual\/wp-json\/wp\/v2\/comments?post=82"}],"version-history":[{"count":4,"href":"https:\/\/calmens.com\/calendar-menstrual\/wp-json\/wp\/v2\/pages\/82\/revisions"}],"predecessor-version":[{"id":202,"href":"https:\/\/calmens.com\/calendar-menstrual\/wp-json\/wp\/v2\/pages\/82\/revisions\/202"}],"wp:attachment":[{"href":"https:\/\/calmens.com\/calendar-menstrual\/wp-json\/wp\/v2\/media?parent=82"}],"curies":[{"name":"wp","href":"https:\/\/api.w.org\/{rel}","templated":true}]}}